{"id":65,"date":"2025-05-30T18:07:49","date_gmt":"2025-05-30T18:07:49","guid":{"rendered":"https:\/\/vladimirsvetlik-artistepeintre.com\/?page_id=65"},"modified":"2025-06-03T14:32:34","modified_gmt":"2025-06-03T14:32:34","slug":"demarche-artistique","status":"publish","type":"page","link":"https:\/\/vladimirsvetlik-artistepeintre.com\/Slovensky\/demarche-artistique\/","title":{"rendered":"Umeleck\u00fd pr\u00edstup"},"content":{"rendered":"<h3>&nbsp;<br \/>\n<span style=\"color: #b7631b;\">M\u00f4j tr\u00e9ningov\u00fd a umeleck\u00fd pr\u00edstup.<\/span><\/h3>\n<p>Od mali\u010dka ma rodi\u010dia viedli ku kresbe uhl\u00edkom a \u010dervenou kriedou, ako aj k olejoma\u013ebe.<br \/>\nKe\u010f som mal 13 rokov, dostal som svoj prv\u00fd fotoapar\u00e1t.<\/p>\n<p>Po\u010das \u0161t\u00fadia som pracoval pre firmy a odvetvia v r\u00f4znych oblastiach \u010dinnosti ako projektant, dizajn\u00e9r, odhadca a projektov\u00fd mana\u017e\u00e9r. Oblasti \u010dinnosti s\u00fa: n\u00e1vrh a v\u00fdroba architektonick\u00e9ho n\u00e1bytku; v\u00fdkladn\u00e9 skrine; \u0161pecializ\u00e1cia na murivo a br\u00fasen\u00fd kame\u0148; renov\u00e1cia\/re\u0161taurovanie historick\u00fdch budov; stavebn\u00e9 in\u017einierstvo a architekt\u00fara.<\/p>\n<p>Ke\u010f\u017ee som sa stal \u010dlenom Ordre des architectes du Qu\u00e9bec, po\u010das 23 rokov fungovania mojej kancel\u00e1rie boli moje projekty komer\u010dn\u00e9, priemyseln\u00e9, komun\u00e1lne a reziden\u010dn\u00e9.<\/p>\n<p>Navy\u0161e, u\u017e takmer 55 rokov sa venujem fotografovaniu a v\u017edy m\u00e1m \u010do objavova\u0165, za\u017ei\u0165 nov\u00e9 alebo nad \u010d\u00edm \u017easn\u00fa\u0165 a podeli\u0165 sa s ostatn\u00fdmi.<\/p>\n<p>Ach! Olejoma\u013eba.<br \/>\nMoje obrazy, ktor\u00e9 na seba nadv\u00e4zuj\u00fa, zobrazuj\u00fa momenty, niekedy skuto\u010dn\u00e9 a \u010dasto imagin\u00e1rne, s\u00fa vn\u00fatorn\u00fdmi cestami, kol\u00edsanie du\u0161e. Ma\u013eba m\u00e1 svoj vlastn\u00fd slovn\u00edk, kde slov\u00e1 u\u017e nemaj\u00fa \u017eiadnu silu. S\u00fa to tvoriv\u00e9 gest\u00e1 mojich r\u00fak, ktor\u00e9 tvoria po\u00e9ziu, ktor\u00e1 m\u00e4tie realitu pr\u00edrody.<\/p>\n<p>T\u00e1to pasta na povrchu pl\u00e1tna je ako \u017eivot, ktor\u00fd je c\u00edti\u0165 len na povrchu poko\u017eky.<br \/>\nPreto\u017ee existujeme len vtedy, ak sa m\u00e1me s k\u00fdm podeli\u0165. V tomto zmysle obraz existuje len vtedy, ak existuje poh\u013ead, ktor\u00fd by ho rozj\u00edmal.<\/p>\n<p>&nbsp;<\/p>\n<p style=\"text-align: right;\"><em>Vladimir Svetlik, maliar.<\/em><\/p>\n<p>&nbsp;<\/p>\n","protected":false},"excerpt":{"rendered":"<p>&nbsp; M\u00f4j tr\u00e9ningov\u00fd a umeleck\u00fd pr\u00edstup. Od mali\u010dka ma rodi\u010dia viedli ku kresbe uhl\u00edkom a \u010dervenou kriedou, ako aj k [&hellip;]<\/p>\n","protected":false},"author":1,"featured_media":0,"parent":0,"menu_order":0,"comment_status":"closed","ping_status":"closed","template":"","meta":{"site-sidebar-layout":"default","site-content-layout":"","ast-site-content-layout":"default","site-content-style":"default","site-sidebar-style":"default","ast-global-header-display":"","ast-banner-title-visibility":"","ast-main-header-display":"","ast-hfb-above-header-display":"","ast-hfb-below-header-display":"","ast-hfb-mobile-header-display":"","site-post-title":"disabled","ast-breadcrumbs-content":"","ast-featured-img":"","footer-sml-layout":"","theme-transparent-header-meta":"default","adv-header-id-meta":"","stick-header-meta":"","header-above-stick-meta":"","header-main-stick-meta":"","header-below-stick-meta":"","astra-migrate-meta-layouts":"set","ast-page-background-enabled":"default","ast-page-background-meta":{"desktop":{"background-color":"var(--ast-global-color-5)","background-image":"","background-repeat":"repeat","background-position":"center center","background-size":"auto","background-attachment":"scroll","background-type":"","background-media":"","overlay-type":"","overlay-color":"","overlay-opacity":"","overlay-gradient":""},"tablet":{"background-color":"","background-image":"","background-repeat":"repeat","background-position":"center center","background-size":"auto","background-attachment":"scroll","background-type":"","background-media":"","overlay-type":"","overlay-color":"","overlay-opacity":"","overlay-gradient":""},"mobile":{"background-color":"","background-image":"","background-repeat":"repeat","background-position":"center center","background-size":"auto","background-attachment":"scroll","background-type":"","background-media":"","overlay-type":"","overlay-color":"","overlay-opacity":"","overlay-gradient":""}},"ast-content-background-meta":{"desktop":{"background-color":"var(--ast-global-color-4)","background-image":"","background-repeat":"repeat","background-position":"center center","background-size":"auto","background-attachment":"scroll","background-type":"","background-media":"","overlay-type":"","overlay-color":"","overlay-opacity":"","overlay-gradient":""},"tablet":{"background-color":"var(--ast-global-color-4)","background-image":"","background-repeat":"repeat","background-position":"center center","background-size":"auto","background-attachment":"scroll","background-type":"","background-media":"","overlay-type":"","overlay-color":"","overlay-opacity":"","overlay-gradient":""},"mobile":{"background-color":"var(--ast-global-color-4)","background-image":"","background-repeat":"repeat","background-position":"center center","background-size":"auto","background-attachment":"scroll","background-type":"","background-media":"","overlay-type":"","overlay-color":"","overlay-opacity":"","overlay-gradient":""}},"ngg_post_thumbnail":0,"footnotes":""},"class_list":["post-65","page","type-page","status-publish","hentry"],"_links":{"self":[{"href":"https:\/\/vladimirsvetlik-artistepeintre.com\/Slovensky\/wp-json\/wp\/v2\/pages\/65","targetHints":{"allow":["GET"]}}],"collection":[{"href":"https:\/\/vladimirsvetlik-artistepeintre.com\/Slovensky\/wp-json\/wp\/v2\/pages"}],"about":[{"href":"https:\/\/vladimirsvetlik-artistepeintre.com\/Slovensky\/wp-json\/wp\/v2\/types\/page"}],"author":[{"embeddable":true,"href":"https:\/\/vladimirsvetlik-artistepeintre.com\/Slovensky\/wp-json\/wp\/v2\/users\/1"}],"replies":[{"embeddable":true,"href":"https:\/\/vladimirsvetlik-artistepeintre.com\/Slovensky\/wp-json\/wp\/v2\/comments?post=65"}],"version-history":[{"count":12,"href":"https:\/\/vladimirsvetlik-artistepeintre.com\/Slovensky\/wp-json\/wp\/v2\/pages\/65\/revisions"}],"predecessor-version":[{"id":93,"href":"https:\/\/vladimirsvetlik-artistepeintre.com\/Slovensky\/wp-json\/wp\/v2\/pages\/65\/revisions\/93"}],"wp:attachment":[{"href":"https:\/\/vladimirsvetlik-artistepeintre.com\/Slovensky\/wp-json\/wp\/v2\/media?parent=65"}],"curies":[{"name":"wp","href":"https:\/\/api.w.org\/{rel}","templated":true}]}}